{"version":"1.0","provider_name":"Revista Automotive","provider_url":"https:\/\/automotiverevista.pt","author_name":"MiguelMarques","author_url":"https:\/\/automotiverevista.pt\/index.php\/author\/miguelmarques\/","title":"Novo Porsche Cayenne com altera\u00e7\u00f5es profundas","type":"rich","width":600,"height":338,"html":"<blockquote class=\"wp-embedded-content\" data-secret=\"Mis7WjKOdj\"><a href=\"https:\/\/automotiverevista.pt\/index.php\/2023\/05\/10\/novo-porsche-cayenne-com-alteracoes-profundas\/\">Novo Porsche Cayenne com altera\u00e7\u00f5es profundas<\/a><\/blockquote><iframe sandbox=\"allow-scripts\" security=\"restricted\" src=\"https:\/\/automotiverevista.pt\/index.php\/2023\/05\/10\/novo-porsche-cayenne-com-alteracoes-profundas\/embed\/#?secret=Mis7WjKOdj\" width=\"600\" height=\"338\" title=\"&#8220;Novo Porsche Cayenne com altera\u00e7\u00f5es profundas&#8221; &#8212; Revista Automotive\" data-secret=\"Mis7WjKOdj\" frameborder=\"0\" marginwidth=\"0\" marginheight=\"0\" scrolling=\"no\" class=\"wp-embedded-content\"><\/iframe><script type=\"text\/javascript\">\n\/* <![CDATA[ *\/\n\/*! This file is auto-generated *\/\n!function(d,l){\"use strict\";l.querySelector&&d.addEventListener&&\"undefined\"!=typeof URL&&(d.wp=d.wp||{},d.wp.receiveEmbedMessage||(d.wp.receiveEmbedMessage=function(e){var t=e.data;if((t||t.secret||t.message||t.value)&&!\/[^a-zA-Z0-9]\/.test(t.secret)){for(var s,r,n,a=l.querySelectorAll('iframe[data-secret=\"'+t.secret+'\"]'),o=l.querySelectorAll('blockquote[data-secret=\"'+t.secret+'\"]'),c=new RegExp(\"^https?:$\",\"i\"),i=0;i<o.length;i++)o[i].style.display=\"none\";for(i=0;i<a.length;i++)s=a[i],e.source===s.contentWindow&&(s.removeAttribute(\"style\"),\"height\"===t.message?(1e3<(r=parseInt(t.value,10))?r=1e3:~~r<200&&(r=200),s.height=r):\"link\"===t.message&&(r=new URL(s.getAttribute(\"src\")),n=new URL(t.value),c.test(n.protocol))&&n.host===r.host&&l.activeElement===s&&(d.top.location.href=t.value))}},d.addEventListener(\"message\",d.wp.receiveEmbedMessage,!1),l.addEventListener(\"DOMContentLoaded\",function(){for(var e,t,s=l.querySelectorAll(\"iframe.wp-embedded-content\"),r=0;r<s.length;r++)(t=(e=s[r]).getAttribute(\"data-secret\"))||(t=Math.random().toString(36).substring(2,12),e.src+=\"#?secret=\"+t,e.setAttribute(\"data-secret\",t)),e.contentWindow.postMessage({message:\"ready\",secret:t},\"*\")},!1)))}(window,document);\n\/\/# sourceURL=https:\/\/automotiverevista.pt\/wp-includes\/js\/wp-embed.min.js\n\/* ]]> *\/\n<\/script>\n","thumbnail_url":"https:\/\/automotiverevista.pt\/wp-content\/uploads\/2023\/04\/0150_saturn_AKOS3557_V02.jpg","thumbnail_width":1920,"thumbnail_height":1080,"description":"&nbsp;Porsche aprimorou o bem-sucedido SUV de luxo. O novo Cayenne es-treia um conceito de controlo e visualiza\u00e7\u00e3o altamente digital, nova tecnologia de chassis e inova\u00e7\u00f5es tecnol\u00f3gicas. \u201c\u00c9 uma das atualiza\u00e7\u00f5es de produto mais extensas da hist\u00f3ria da Porsche\u201d, diz Michael Sch\u00e4tzle, Vice President Product Line Cayenne.&nbsp; Os far\u00f3is em LED HD Matrix garantem a ilumina\u00e7\u00e3o [&hellip;]"}