{"version":"1.0","provider_name":"Revista Automotive","provider_url":"https:\/\/automotiverevista.pt","author_name":"MiguelMarques","author_url":"https:\/\/automotiverevista.pt\/index.php\/author\/miguelmarques\/","title":"Yokohama\u00a0ADVAN\u00a0nas\u00a024 horas de\u00a0N\u00fcrburgring","type":"rich","width":600,"height":338,"html":"<blockquote class=\"wp-embedded-content\" data-secret=\"gkgQ3a8yHA\"><a href=\"https:\/\/automotiverevista.pt\/index.php\/2023\/05\/11\/yokohama-advan-nas-24-horas-de-nurburgring\/\">Yokohama\u00a0ADVAN\u00a0nas\u00a024 horas de\u00a0N\u00fcrburgring<\/a><\/blockquote><iframe sandbox=\"allow-scripts\" security=\"restricted\" src=\"https:\/\/automotiverevista.pt\/index.php\/2023\/05\/11\/yokohama-advan-nas-24-horas-de-nurburgring\/embed\/#?secret=gkgQ3a8yHA\" width=\"600\" height=\"338\" title=\"&#8220;Yokohama\u00a0ADVAN\u00a0nas\u00a024 horas de\u00a0N\u00fcrburgring&#8221; &#8212; Revista Automotive\" data-secret=\"gkgQ3a8yHA\" frameborder=\"0\" marginwidth=\"0\" marginheight=\"0\" scrolling=\"no\" class=\"wp-embedded-content\"><\/iframe><script type=\"text\/javascript\">\n\/* <![CDATA[ *\/\n\/*! This file is auto-generated *\/\n!function(d,l){\"use strict\";l.querySelector&&d.addEventListener&&\"undefined\"!=typeof URL&&(d.wp=d.wp||{},d.wp.receiveEmbedMessage||(d.wp.receiveEmbedMessage=function(e){var t=e.data;if((t||t.secret||t.message||t.value)&&!\/[^a-zA-Z0-9]\/.test(t.secret)){for(var s,r,n,a=l.querySelectorAll('iframe[data-secret=\"'+t.secret+'\"]'),o=l.querySelectorAll('blockquote[data-secret=\"'+t.secret+'\"]'),c=new RegExp(\"^https?:$\",\"i\"),i=0;i<o.length;i++)o[i].style.display=\"none\";for(i=0;i<a.length;i++)s=a[i],e.source===s.contentWindow&&(s.removeAttribute(\"style\"),\"height\"===t.message?(1e3<(r=parseInt(t.value,10))?r=1e3:~~r<200&&(r=200),s.height=r):\"link\"===t.message&&(r=new URL(s.getAttribute(\"src\")),n=new URL(t.value),c.test(n.protocol))&&n.host===r.host&&l.activeElement===s&&(d.top.location.href=t.value))}},d.addEventListener(\"message\",d.wp.receiveEmbedMessage,!1),l.addEventListener(\"DOMContentLoaded\",function(){for(var e,t,s=l.querySelectorAll(\"iframe.wp-embedded-content\"),r=0;r<s.length;r++)(t=(e=s[r]).getAttribute(\"data-secret\"))||(t=Math.random().toString(36).substring(2,12),e.src+=\"#?secret=\"+t,e.setAttribute(\"data-secret\",t)),e.contentWindow.postMessage({message:\"ready\",secret:t},\"*\")},!1)))}(window,document);\n\/\/# sourceURL=https:\/\/automotiverevista.pt\/wp-includes\/js\/wp-embed.min.js\n\/* ]]> *\/\n<\/script>\n","thumbnail_url":"https:\/\/automotiverevista.pt\/wp-content\/uploads\/2023\/05\/Yokohama.jpg","thumbnail_width":1000,"thumbnail_height":667,"description":"Marca de refer\u00eancia&nbsp;mundial&nbsp;dentro e fora das pistas,&nbsp;os pneus&nbsp;Yokohama&nbsp;estar\u00e3o presentes&nbsp;na famosa prova das&nbsp;24 Horas de&nbsp;N\u00fcrburgring, a ser realizada de 18 a 21 de maio&nbsp;pr\u00f3ximo,&nbsp;na Alemanha.&nbsp; Como parte do ADVAN CHALLENGE deste ano, que busca maximizar&nbsp;a presen\u00e7a da marca no desporto motorizado de mais alto n\u00edvel, a Yokohama&nbsp;disponibilizar\u00e1&nbsp;os&nbsp;pneus ADVAN para&nbsp;2&nbsp;modelos BMW M4 GT3 da classe SP9 Pro, [&hellip;]"}